{"id":515,"date":"2025-04-30T15:20:25","date_gmt":"2025-04-30T15:20:25","guid":{"rendered":"https:\/\/asecon.com\/?page_id=515"},"modified":"2025-04-30T15:22:21","modified_gmt":"2025-04-30T15:22:21","slug":"politica-de-datos-y-su-tratamiento","status":"publish","type":"page","link":"https:\/\/asecon.com\/en\/politica-de-datos-y-su-tratamiento\/","title":{"rendered":"Pol\u00edtica de datos y su tratamiento"},"content":{"rendered":"<p>[et_pb_section fb_built=\u00bb1&#8243; custom_padding_last_edited=\u00bboff|desktop\u00bb _builder_version=\u00bb4.27.4&#8243; _module_preset=\u00bbdefault\u00bb use_background_color_gradient=\u00bbon\u00bb background_color_gradient_stops=\u00bbrgba(0,0,0,0.6) 0%|rgba(0,0,0,0.6) 100%\u00bb background_color_gradient_overlays_image=\u00bbon\u00bb background_image=\u00bbhttp:\/\/asecon.com\/wp-content\/uploads\/2025\/03\/aerial-view-group-business-people-working-together-preparing-new-project-meeting-office-1.jpg\u00bb custom_margin=\u00bb0px||0px||false|false\u00bb custom_padding=\u00bb80px||80px||true|false\u00bb custom_padding_tablet=\u00bb150px||225px||false|false\u00bb custom_padding_phone=\u00bb90px||145px||false|false\u00bb animation_style=\u00bbfade\u00bb animation_speed_curve=\u00bbease\u00bb locked=\u00bboff\u00bb global_colors_info=\u00bb{}\u00bb][et_pb_row _builder_version=\u00bb4.27.4&#8243; _module_preset=\u00bbdefault\u00bb width=\u00bb90%\u00bb max_width=\u00bb1296px\u00bb custom_margin=\u00bb0px||0px||false|false\u00bb custom_padding=\u00bb0px||0px||false|false\u00bb global_colors_info=\u00bb{}\u00bb][et_pb_column type=\u00bb4_4&#8243; _builder_version=\u00bb4.23.1&#8243; _module_preset=\u00bbdefault\u00bb global_colors_info=\u00bb{}\u00bb][et_pb_text _builder_version=\u00bb4.27.4&#8243; _module_preset=\u00bbdefault\u00bb header_font=\u00bbEB Garamond||||||||\u00bb header_text_align=\u00bbleft\u00bb header_text_color=\u00bb#FFFFFF\u00bb header_font_size=\u00bb64px\u00bb header_line_height=\u00bb1.1em\u00bb max_width=\u00bb59%\u00bb max_width_tablet=\u00bb100%\u00bb max_width_phone=\u00bb80%\u00bb max_width_last_edited=\u00bbon|phone\u00bb custom_margin=\u00bb0px||31px||false|false\u00bb custom_margin_tablet=\u00bb0px||31px||false|false\u00bb custom_margin_phone=\u00bb0px||20px||false|false\u00bb custom_margin_last_edited=\u00bbon|phone\u00bb custom_padding=\u00bb0px||0px||false|false\u00bb hover_enabled=\u00bb0&#8243; header_font_size_tablet=\u00bb67px\u00bb header_font_size_phone=\u00bb36px\u00bb header_font_size_last_edited=\u00bbon|phone\u00bb global_colors_info=\u00bb{}\u00bb sticky_enabled=\u00bb0&#8243;]<\/p>\n<h1>Pol\u00edtica de datos y su tratamiento<\/h1>\n<p>[\/et_pb_text][et_pb_text _builder_version=\u00bb4.27.4&#8243; _module_preset=\u00bbdefault\u00bb text_font=\u00bbRoboto Flex||||||||\u00bb text_text_color=\u00bb#FFFFFF\u00bb text_font_size=\u00bb18px\u00bb text_line_height=\u00bb1.6em\u00bb custom_margin=\u00bb0px||49px||false|false\u00bb custom_margin_tablet=\u00bb0px||49px||false|false\u00bb custom_margin_phone=\u00bb0px||36px||false|false\u00bb custom_margin_last_edited=\u00bbon|phone\u00bb custom_padding=\u00bb0px||0px||false|false\u00bb global_colors_info=\u00bb{}\u00bb]ASECON Asesores y Consultores[\/et_pb_text][\/et_pb_column][\/et_pb_row][\/et_pb_section][et_pb_section fb_built=\u00bb1&#8243; custom_padding_last_edited=\u00bbon|phone\u00bb _builder_version=\u00bb4.27.4&#8243; _module_preset=\u00bbdefault\u00bb custom_margin=\u00bb0px||0px||false|false\u00bb custom_padding=\u00bb100px||0px||false|false\u00bb custom_padding_tablet=\u00bb51px||50px||false|false\u00bb custom_padding_phone=\u00bb50px||90px||false|false\u00bb locked=\u00bboff\u00bb global_colors_info=\u00bb{}\u00bb][et_pb_row column_structure=\u00bb4_4,2_3&#8243; use_custom_gutter=\u00bbon\u00bb gutter_width=\u00bb1&#8243; _builder_version=\u00bb4.27.4&#8243; _module_preset=\u00bbdefault\u00bb width=\u00bb90%\u00bb max_width=\u00bb1296px\u00bb custom_margin=\u00bb||0px||false|false\u00bb custom_margin_tablet=\u00bb0px||105px||false|false\u00bb custom_margin_phone=\u00bb0px||90px||false|false\u00bb custom_margin_last_edited=\u00bboff|desktop\u00bb custom_padding=\u00bb0px||0px||false|false\u00bb animation_style=\u00bbfade\u00bb animation_speed_curve=\u00bbease\u00bb global_colors_info=\u00bb{}\u00bb][et_pb_column type=\u00bb4_4&#8243; _builder_version=\u00bb4.23.1&#8243; _module_preset=\u00bbdefault\u00bb global_colors_info=\u00bb{}\u00bb][et_pb_text _builder_version=\u00bb4.27.4&#8243; _module_preset=\u00bbdefault\u00bb text_font=\u00bbRoboto Flex||||||||\u00bb text_text_color=\u00bb#687693&#8243; text_font_size=\u00bb16px\u00bb text_line_height=\u00bb1.8em\u00bb custom_margin=\u00bb0px||22px||false|false\u00bb custom_margin_tablet=\u00bb40px||||false|false\u00bb custom_margin_phone=\u00bb40px||22px||false|false\u00bb custom_margin_last_edited=\u00bbon|phone\u00bb custom_padding=\u00bb0px||0px||false|false\u00bb global_colors_info=\u00bb{}\u00bb]<\/p>\n<ol>\n<li style=\"font-weight: 400;\"><u> Identidad y datos de contacto del responsable del tratamiento<\/u><\/li>\n<\/ol>\n<p style=\"font-weight: 400;\">Asecon, colaboradores &amp; Asociados SL, con domicilio en la calle Cervantes, 131, 04700, El Ejido, Almer\u00eda, n\u00famero de identificaci\u00f3n fiscal B 04424693 y tel\u00e9fono 950489132 (\u00ab\u00a0<strong>ASECON<\/strong>\u00bb o la \u00ab\u00a0<strong>Empresa<\/strong>\u00a0\u00bb) es el responsable del tratamiento de sus datos personales. Esta pol\u00edtica de privacidad le informa sobre el uso que la Empresa har\u00e1 de sus datos personales como usuario de la web (\u00abel\u00a0<strong>sitio web<\/strong>\u00a0\u00bb).<\/p>\n<p style=\"font-weight: 400;\">El objetivo de esta Pol\u00edtica de Privacidad es informarle sobre sus derechos seg\u00fan el Reglamento General de Protecci\u00f3n de Datos (\u00a0<strong>RGPD<\/strong>\u00a0). Si tiene alguna pregunta sobre el tratamiento de sus datos, p\u00f3ngase en contacto con la Empresa en la siguiente direcci\u00f3n:\u00a0\u00a0<a href=\"mailto:asecon@asecon.com\">asecon@asecon.com<\/a><\/p>\n<p style=\"font-weight: 400;\">Le informamos que el Grupo Garrigues (al que pertenece la Compa\u00f1\u00eda) cuenta con un Delegado de Protecci\u00f3n de Datos con el que podr\u00e1 contactar en la siguiente direcci\u00f3n de correo electr\u00f3nico:\u00a0\u00a0<a href=\"mailto:asecon@asecon.com\">asecon@asecon.com<\/a><\/p>\n<ol start=\"2\">\n<li style=\"font-weight: 400;\"><u> Informaci\u00f3n necesaria y actualizada<\/u><\/li>\n<\/ol>\n<p style=\"font-weight: 400;\">Es obligatorio completar todos los campos marcados con un asterisco (*) en los formularios del sitio web. No completar alguno de estos campos podr\u00eda impedir la prestaci\u00f3n de los servicios o la informaci\u00f3n solicitados.<\/p>\n<p style=\"font-weight: 400;\">Debe proporcionar informaci\u00f3n veraz; con el fin de que la informaci\u00f3n facilitada est\u00e9 siempre actualizada y no contenga errores, deber\u00e1 comunicar a la Compa\u00f1\u00eda, a la mayor brevedad posible, cualquier modificaci\u00f3n o cambio de sus datos personales mediante correo electr\u00f3nico a:\u00a0\u00a0<a href=\"mailto:asecon@asecon.com\">asecon@asecon.com<\/a><\/p>\n<p style=\"font-weight: 400;\"><strong>Al hacer clic en el bot\u00f3n \u201cAceptar\u201d (o similar) que aparece en dichos formularios, usted declara que la informaci\u00f3n y los datos facilitados son exactos y veraces.<\/strong><\/p>\n<ol start=\"3\">\n<li style=\"font-weight: 400;\"><u> 3. Informaci\u00f3n general: descripci\u00f3n de la informaci\u00f3n contenida en la pol\u00edtica de privacidad<\/u><\/li>\n<\/ol>\n<p style=\"font-weight: 400;\">En esta pol\u00edtica de privacidad encontrar\u00e1 una tabla con la siguiente informaci\u00f3n para cada uno de los diferentes tipos de tratamiento de datos realizados por la Compa\u00f1\u00eda:<\/p>\n<ol style=\"font-weight: 400;\">\n<li>Las finalidades del tratamiento de sus datos, es decir, el motivo por el que la Empresa est\u00e1 tratando sus datos personales.<\/li>\n<li>La base legal que habilita a la Compa\u00f1\u00eda para tratar sus datos para cada una de las finalidades indicadas.<\/li>\n<li>La posible divulgaci\u00f3n de sus datos a terceros, as\u00ed como el fundamento de dicha divulgaci\u00f3n. A estos efectos, le informamos que no divulgamos sus datos personales a terceros salvo obligaci\u00f3n legal. Los encargados del tratamiento de datos de la Compa\u00f1\u00eda, es decir, los proveedores de servicios que necesitan acceder a sus datos personales para el desempe\u00f1o de sus funciones, podr\u00e1n acceder a sus datos personales. Los proveedores de servicios que acceden a sus datos personales generalmente operan en el sector de los sistemas de informaci\u00f3n y las tecnolog\u00edas de la informaci\u00f3n. La siguiente tabla indica, seg\u00fan corresponda, otros sectores en los que podr\u00edan operar otros posibles proveedores de servicios de la Compa\u00f1\u00eda que necesiten acceder a sus datos personales.<\/li>\n<\/ol>\n<p style=\"font-weight: 400;\">\u00a0Podr\u00e1 solicitar informaci\u00f3n m\u00e1s detallada sobre los destinatarios de sus datos enviando un correo electr\u00f3nico a\u00a0<a href=\"mailto:asecon@asecon.com\">asecon@asecon.com<\/a>\u00a0, indicando los destinatarios concretos en relaci\u00f3n con los que desea informaci\u00f3n.<\/p>\n<ol style=\"font-weight: 400;\">\n<li>La existencia de posibles transferencias internacionales de datos. Si necesita una copia de las cl\u00e1usulas contractuales mencionadas en la tabla siguiente, p\u00f3ngase en contacto con Garrigues en el siguiente correo electr\u00f3nico:\u00a0<a href=\"mailto:asecon@asecon.com\">asecon@asecon.com<\/a><\/li>\n<li>El plazo de conservaci\u00f3n de los datos que usted nos ha proporcionado. Sus datos permanecer\u00e1n bloqueados, para la tramitaci\u00f3n de reclamaciones legales, administrativas o fiscales, durante los plazos estipulados en la legislaci\u00f3n aplicable.<\/li>\n<\/ol>\n<ol start=\"4\">\n<li style=\"font-weight: 400;\"><u> Informaci\u00f3n detallada sobre los tratamientos realizados por ASECON:<\/u><\/li>\n<\/ol>\n<table width=\"956\" style=\"font-weight: 400;\">\n<thead>\n<tr>\n<td>\n<p>Finalidad del tratamiento<\/p>\n<\/td>\n<td>\n<p>Base legal<\/p>\n<\/td>\n<td>\n<p>Destinatarios<\/p>\n<\/td>\n<td>\n<p>Transferencias internacionales<\/p>\n<\/td>\n<td>\n<p>Periodo de almacenamiento<\/p>\n<\/td>\n<\/tr>\n<\/thead>\n<tbody>\n<tr>\n<td>\n<p>Gesti\u00f3n de las consultas planteadas a trav\u00e9s del formulario de consultas<\/p>\n<\/td>\n<td>\n<p>El inter\u00e9s leg\u00edtimo de la Compa\u00f1\u00eda en atender las solicitudes de informaci\u00f3n a trav\u00e9s del sitio web.<\/p>\n<\/td>\n<td>\n<p>Sus datos podr\u00e1n ser comunicados a las empresas del Grupo Garrigues (el \u00abGrupo\u00bb), en base al inter\u00e9s leg\u00edtimo de Garrigues en atender su solicitud de informaci\u00f3n. Los proveedores de servicios adicionales a los indicados en el\u00a0<u>apartado 3.c<\/u>\u00a0no acceder\u00e1n a sus datos personales.<\/p>\n<\/td>\n<td>\n<p>Sus datos podr\u00e1n ser transferidos a empresas del Grupo, para las finalidades indicadas en la columna \u00abDestinatarios\u00bb en relaci\u00f3n con las empresas del Grupo ubicadas fuera del Espacio Econ\u00f3mico Europeo (EEE). Estas transferencias se realizan mediante la firma, por parte de estas empresas ubicadas fuera del EEE, de las cl\u00e1usulas tipo de protecci\u00f3n de datos adoptadas por la Comisi\u00f3n Europea para transferencias internacionales.<\/p>\n<\/td>\n<td>\n<p>Hasta que se haya resuelto su solicitud de informaci\u00f3n<\/p>\n<\/td>\n<\/tr>\n<tr>\n<td>\n<p>Gestionar su suscripci\u00f3n al blog de la empresa del Grupo identificada en el formulario de registro. Gestionar su suscripci\u00f3n y los comentarios que publica en el blog.<\/p>\n<\/td>\n<td>\n<p>Relaci\u00f3n contractual para la prestaci\u00f3n del servicio solicitado, aunque el servicio sea gratuito.<\/p>\n<\/td>\n<td>\n<p>Las categor\u00edas de destinatarios que podr\u00e1n tener acceso a sus datos son las que se relacionan en\u00a0<u>el apartado<\/u>\u00a03.c.<\/p>\n<\/td>\n<td>\n<p>No se realizar\u00e1n transferencias internacionales de sus datos para este tratamiento.<\/p>\n<\/td>\n<td>\n<p>Por un per\u00edodo de tres a\u00f1os despu\u00e9s de su \u00faltima interacci\u00f3n con la Compa\u00f1\u00eda o hasta que indique que no desea continuar suscribi\u00e9ndose al blog (lo que ocurra primero).<\/p>\n<\/td>\n<\/tr>\n<\/tbody>\n<\/table>\n<p style=\"font-weight: 400;\">\u00a0<\/p>\n<ol start=\"5\">\n<li style=\"font-weight: 400;\">Ejercicio de sus derechos<\/li>\n<\/ol>\n<p style=\"font-weight: 400;\">Usted podr\u00e1 ejercer los siguientes derechos:<\/p>\n<ol style=\"font-weight: 400;\">\n<li>derecho de acceso a sus datos personales para saber qu\u00e9 datos est\u00e1n siendo objeto de tratamiento y las operaciones de tratamiento que se est\u00e1n realizando con esos datos;<\/li>\n<li>derecho a la rectificaci\u00f3n de cualquier dato inexacto;<\/li>\n<li>derecho al borrado de sus datos personales, cuando sea posible;<\/li>\n<li>derecho a solicitar la restricci\u00f3n del tratamiento de sus datos personales cuando la exactitud, legalidad o necesidad del tratamiento de los datos sea dudosa, en cuyo caso podremos conservar sus datos para el ejercicio o la defensa de reclamaciones;<\/li>\n<li>derecho a la portabilidad de los datos, cuando la base legal que nos habilite para su tratamiento, de las indicadas en la tabla anterior, sea la relaci\u00f3n contractual o tu consentimiento;<\/li>\n<li>Derecho a oponerse al tratamiento de sus datos personales, cuando la base legal que nos permite tratarlos, de las indicadas en la tabla anterior, sea el inter\u00e9s leg\u00edtimo. Para tales fines, dejaremos de tratar sus datos, salvo que tengamos un inter\u00e9s leg\u00edtimo imperioso o sea para la formulaci\u00f3n, el ejercicio o la defensa de reclamaciones.<\/li>\n<li>derecho a retirar su consentimiento en cualquier momento.<\/li>\n<\/ol>\n<p style=\"font-weight: 400;\">Podr\u00e1s ejercitar tus derechos en cualquier momento, sin coste alguno, enviando un correo electr\u00f3nico a\u00a0<a href=\"mailto:asecon@asecon.com\">asecon@asecon.com<\/a>\u00a0\u00a0indicando el derecho que deseas ejercer y tus datos personales.<\/p>\n<p style=\"font-weight: 400;\">Si considera que no hemos tratado adecuadamente sus datos personales, puede contactar con el Delegado de Protecci\u00f3n de Datos en\u00a0<a href=\"mailto:asecon@asecon.com\">asecon@asecon.com<\/a>\u00a0. Tambi\u00e9n puede presentar una reclamaci\u00f3n ante la Agencia Espa\u00f1ola de Protecci\u00f3n de Datos si considera que se ha infringido la legislaci\u00f3n en materia de protecci\u00f3n de datos en el tratamiento de sus datos personales.<\/p>\n<ol start=\"6\">\n<li style=\"font-weight: 400;\"><u> Galletas<\/u><\/li>\n<\/ol>\n<p style=\"font-weight: 400;\">Garrigues \u00fanicamente utilizar\u00e1 dispositivos de almacenamiento y recuperaci\u00f3n de datos (\u201cCookies\u201d) cuando el usuario haya dado su consentimiento previo al respecto de acuerdo con lo que se indica en la ventana emergente de su navegador cuando accede por primera vez al sitio web y en los dem\u00e1s t\u00e9rminos y condiciones indicados en\u00a0<u>la Pol\u00edtica de Cookies<\/u>\u00a0de ASECON , que todo usuario debe conocer.<\/p>\n<ol start=\"7\">\n<li style=\"font-weight: 400;\"><u> Medidas de seguridad<\/u><\/li>\n<\/ol>\n<p style=\"font-weight: 400;\">Garrigues adoptar\u00e1 las medidas de seguridad exigidas por el RGPD en funci\u00f3n de la naturaleza de los datos tratados en cada momento. No obstante, la seguridad t\u00e9cnica de un medio como internet no es inexpugnable y podr\u00edan producirse conductas dolosas por parte de terceros, si bien Garrigues ha implementado todas las medidas a su alcance para evitarlas.<\/p>\n<ol start=\"8\">\n<li style=\"font-weight: 400;\"><u> Menores<\/u><\/li>\n<\/ol>\n<p style=\"font-weight: 400;\">Los menores de edad no podr\u00e1n utilizar los servicios disponibles a trav\u00e9s del sitio web sin la autorizaci\u00f3n previa de sus padres, tutores o representantes legales. Dichos padres, tutores o representantes legales son los \u00fanicos responsables de todos los actos realizados a trav\u00e9s del sitio web por los menores a su cargo, incluyendo la cumplimentaci\u00f3n de formularios con sus datos personales y la marcaci\u00f3n de las casillas correspondientes.<\/p>\n<p>[\/et_pb_text][\/et_pb_column][et_pb_column type=\u00bb2_3&#8243; _builder_version=\u00bb4.23.1&#8243; _module_preset=\u00bbdefault\u00bb custom_padding=\u00bb|50px|||false|false\u00bb custom_padding_tablet=\u00bb|0px|||false|false\u00bb custom_padding_phone=\u00bb|0px|||false|false\u00bb custom_padding_last_edited=\u00bbon|tablet\u00bb global_colors_info=\u00bb{}\u00bb][\/et_pb_column][\/et_pb_row][\/et_pb_section]<\/p>","protected":false},"excerpt":{"rendered":"<p>Pol\u00edtica de datos y su tratamientoASECON Asesores y Consultores Identidad y datos de contacto del responsable del tratamiento Asecon, colaboradores &amp; Asociados SL, con domicilio en la calle Cervantes, 131, 04700, El Ejido, Almer\u00eda, n\u00famero de identificaci\u00f3n fiscal B 04424693 y tel\u00e9fono 950489132 (\u00ab\u00a0ASECON\u00bb o la \u00ab\u00a0Empresa\u00a0\u00bb) es el responsable del tratamiento de sus datos [&hellip;]<\/p>","protected":false},"author":3,"featured_media":0,"parent":0,"menu_order":0,"comment_status":"closed","ping_status":"closed","template":"","meta":{"_et_pb_use_builder":"on","_et_pb_old_content":"","_et_gb_content_width":"","footnotes":""},"class_list":["post-515","page","type-page","status-publish","hentry"],"yoast_head":"<!-- This site is optimized with the Yoast SEO plugin v26.0 - https:\/\/yoast.com\/wordpress\/plugins\/seo\/ -->\n<title>Pol\u00edtica de datos y su tratamiento - ASECON<\/title>\n<meta name=\"robots\" content=\"index, follow, max-snippet:-1, max-image-preview:large, max-video-preview:-1\" \/>\n<link rel=\"canonical\" href=\"https:\/\/asecon.com\/en\/politica-de-datos-y-su-tratamiento\/\" \/>\n<meta property=\"og:locale\" content=\"en_GB\" \/>\n<meta property=\"og:type\" content=\"article\" \/>\n<meta property=\"og:title\" content=\"Pol\u00edtica de datos y su tratamiento - ASECON\" \/>\n<meta property=\"og:description\" content=\"\u201c Nemo enim ipsam voluptatem quia voluptas sit aspernatur aut odit aut fugit, sed quia consequuntur magni dolores eos qui ratione sequi. \u201dMitchell TurnerCEO of the companyLas empresas y profesionales necesitan soluciones globales.Nuestros ServiciosNuestro servicio de AYUDA INTEGRAL para empresas y profesionales independientes, es una consultor\u00eda que da respuesta a todas las necesidades de asesor\u00eda [&hellip;]\" \/>\n<meta property=\"og:url\" content=\"https:\/\/asecon.com\/en\/politica-de-datos-y-su-tratamiento\/\" \/>\n<meta property=\"og:site_name\" content=\"ASECON\" \/>\n<meta property=\"article:modified_time\" content=\"2025-04-30T15:22:21+00:00\" \/>\n<meta name=\"twitter:card\" content=\"summary_large_image\" \/>\n<meta name=\"twitter:label1\" content=\"Estimated reading time\" \/>\n\t<meta name=\"twitter:data1\" content=\"10 minutes\" \/>\n<script type=\"application\/ld+json\" class=\"yoast-schema-graph\">{\"@context\":\"https:\/\/schema.org\",\"@graph\":[{\"@type\":\"WebPage\",\"@id\":\"https:\/\/asecon.com\/politica-de-datos-y-su-tratamiento\/\",\"url\":\"https:\/\/asecon.com\/politica-de-datos-y-su-tratamiento\/\",\"name\":\"Pol\u00edtica de datos y su tratamiento - ASECON\",\"isPartOf\":{\"@id\":\"https:\/\/asecon.com\/#website\"},\"datePublished\":\"2025-04-30T15:20:25+00:00\",\"dateModified\":\"2025-04-30T15:22:21+00:00\",\"breadcrumb\":{\"@id\":\"https:\/\/asecon.com\/politica-de-datos-y-su-tratamiento\/#breadcrumb\"},\"inLanguage\":\"en-GB\",\"potentialAction\":[{\"@type\":\"ReadAction\",\"target\":[\"https:\/\/asecon.com\/politica-de-datos-y-su-tratamiento\/\"]}]},{\"@type\":\"BreadcrumbList\",\"@id\":\"https:\/\/asecon.com\/politica-de-datos-y-su-tratamiento\/#breadcrumb\",\"itemListElement\":[{\"@type\":\"ListItem\",\"position\":1,\"name\":\"Portada\",\"item\":\"https:\/\/asecon.com\/\"},{\"@type\":\"ListItem\",\"position\":2,\"name\":\"Pol\u00edtica de datos y su tratamiento\"}]},{\"@type\":\"WebSite\",\"@id\":\"https:\/\/asecon.com\/#website\",\"url\":\"https:\/\/asecon.com\/\",\"name\":\"ASECON\",\"description\":\"Asesores y Consultores en El Ejido\",\"publisher\":{\"@id\":\"https:\/\/asecon.com\/#organization\"},\"potentialAction\":[{\"@type\":\"SearchAction\",\"target\":{\"@type\":\"EntryPoint\",\"urlTemplate\":\"https:\/\/asecon.com\/?s={search_term_string}\"},\"query-input\":{\"@type\":\"PropertyValueSpecification\",\"valueRequired\":true,\"valueName\":\"search_term_string\"}}],\"inLanguage\":\"en-GB\"},{\"@type\":\"Organization\",\"@id\":\"https:\/\/asecon.com\/#organization\",\"name\":\"ASECON\",\"url\":\"https:\/\/asecon.com\/\",\"logo\":{\"@type\":\"ImageObject\",\"inLanguage\":\"en-GB\",\"@id\":\"https:\/\/asecon.com\/#\/schema\/logo\/image\/\",\"url\":\"https:\/\/asecon.com\/wp-content\/uploads\/2025\/03\/logo.jpg\",\"contentUrl\":\"https:\/\/asecon.com\/wp-content\/uploads\/2025\/03\/logo.jpg\",\"width\":260,\"height\":60,\"caption\":\"ASECON\"},\"image\":{\"@id\":\"https:\/\/asecon.com\/#\/schema\/logo\/image\/\"}}]}<\/script>\n<!-- \/ Yoast SEO plugin. -->","yoast_head_json":{"title":"Pol\u00edtica de datos y su tratamiento - ASECON","robots":{"index":"index","follow":"follow","max-snippet":"max-snippet:-1","max-image-preview":"max-image-preview:large","max-video-preview":"max-video-preview:-1"},"canonical":"https:\/\/asecon.com\/en\/politica-de-datos-y-su-tratamiento\/","og_locale":"en_GB","og_type":"article","og_title":"Pol\u00edtica de datos y su tratamiento - ASECON","og_description":"\u201c Nemo enim ipsam voluptatem quia voluptas sit aspernatur aut odit aut fugit, sed quia consequuntur magni dolores eos qui ratione sequi. \u201dMitchell TurnerCEO of the companyLas empresas y profesionales necesitan soluciones globales.Nuestros ServiciosNuestro servicio de AYUDA INTEGRAL para empresas y profesionales independientes, es una consultor\u00eda que da respuesta a todas las necesidades de asesor\u00eda [&hellip;]","og_url":"https:\/\/asecon.com\/en\/politica-de-datos-y-su-tratamiento\/","og_site_name":"ASECON","article_modified_time":"2025-04-30T15:22:21+00:00","twitter_card":"summary_large_image","twitter_misc":{"Estimated reading time":"10 minutes"},"schema":{"@context":"https:\/\/schema.org","@graph":[{"@type":"WebPage","@id":"https:\/\/asecon.com\/politica-de-datos-y-su-tratamiento\/","url":"https:\/\/asecon.com\/politica-de-datos-y-su-tratamiento\/","name":"Pol\u00edtica de datos y su tratamiento - ASECON","isPartOf":{"@id":"https:\/\/asecon.com\/#website"},"datePublished":"2025-04-30T15:20:25+00:00","dateModified":"2025-04-30T15:22:21+00:00","breadcrumb":{"@id":"https:\/\/asecon.com\/politica-de-datos-y-su-tratamiento\/#breadcrumb"},"inLanguage":"en-GB","potentialAction":[{"@type":"ReadAction","target":["https:\/\/asecon.com\/politica-de-datos-y-su-tratamiento\/"]}]},{"@type":"BreadcrumbList","@id":"https:\/\/asecon.com\/politica-de-datos-y-su-tratamiento\/#breadcrumb","itemListElement":[{"@type":"ListItem","position":1,"name":"Portada","item":"https:\/\/asecon.com\/"},{"@type":"ListItem","position":2,"name":"Pol\u00edtica de datos y su tratamiento"}]},{"@type":"WebSite","@id":"https:\/\/asecon.com\/#website","url":"https:\/\/asecon.com\/","name":"ASECON","description":"Asesores y Consultores en El Ejido","publisher":{"@id":"https:\/\/asecon.com\/#organization"},"potentialAction":[{"@type":"SearchAction","target":{"@type":"EntryPoint","urlTemplate":"https:\/\/asecon.com\/?s={search_term_string}"},"query-input":{"@type":"PropertyValueSpecification","valueRequired":true,"valueName":"search_term_string"}}],"inLanguage":"en-GB"},{"@type":"Organization","@id":"https:\/\/asecon.com\/#organization","name":"ASECON","url":"https:\/\/asecon.com\/","logo":{"@type":"ImageObject","inLanguage":"en-GB","@id":"https:\/\/asecon.com\/#\/schema\/logo\/image\/","url":"https:\/\/asecon.com\/wp-content\/uploads\/2025\/03\/logo.jpg","contentUrl":"https:\/\/asecon.com\/wp-content\/uploads\/2025\/03\/logo.jpg","width":260,"height":60,"caption":"ASECON"},"image":{"@id":"https:\/\/asecon.com\/#\/schema\/logo\/image\/"}}]}},"_links":{"self":[{"href":"https:\/\/asecon.com\/en\/wp-json\/wp\/v2\/pages\/515","targetHints":{"allow":["GET"]}}],"collection":[{"href":"https:\/\/asecon.com\/en\/wp-json\/wp\/v2\/pages"}],"about":[{"href":"https:\/\/asecon.com\/en\/wp-json\/wp\/v2\/types\/page"}],"author":[{"embeddable":true,"href":"https:\/\/asecon.com\/en\/wp-json\/wp\/v2\/users\/3"}],"replies":[{"embeddable":true,"href":"https:\/\/asecon.com\/en\/wp-json\/wp\/v2\/comments?post=515"}],"version-history":[{"count":4,"href":"https:\/\/asecon.com\/en\/wp-json\/wp\/v2\/pages\/515\/revisions"}],"predecessor-version":[{"id":520,"href":"https:\/\/asecon.com\/en\/wp-json\/wp\/v2\/pages\/515\/revisions\/520"}],"wp:attachment":[{"href":"https:\/\/asecon.com\/en\/wp-json\/wp\/v2\/media?parent=515"}],"curies":[{"name":"wp","href":"https:\/\/api.w.org\/{rel}","templated":true}]}}